{"id":79,"date":"2017-01-24T11:05:13","date_gmt":"2017-01-24T11:05:13","guid":{"rendered":"https:\/\/demo-storage.com\/pm\/wp\/photobooth\/?page_id=79"},"modified":"2025-02-03T10:07:51","modified_gmt":"2025-02-03T10:07:51","slug":"uebermich","status":"publish","type":"page","link":"https:\/\/design-s.ch\/index.php\/uebermich\/","title":{"rendered":"\u00dcBER MICH"},"content":{"rendered":"\t\t<div data-elementor-type=\"wp-page\" data-elementor-id=\"79\" class=\"elementor elementor-79\" data-elementor-post-type=\"page\">\n\t\t\t\t\t\t<section class=\"elementor-section elementor-top-section elementor-element elementor-element-243b0120 elementor-section-boxed elementor-section-height-default elementor-section-height-default\" data-id=\"243b0120\" data-element_type=\"section\" data-e-type=\"section\">\n\t\t\t\t\t\t<div class=\"elementor-container elementor-column-gap-default\">\n\t\t\t\t\t<div class=\"elementor-column elementor-col-100 elementor-top-column elementor-element elementor-element-f09109b\" data-id=\"f09109b\" data-element_type=\"column\" data-e-type=\"column\">\n\t\t\t<div class=\"elementor-widget-wrap elementor-element-populated\">\n\t\t\t\t\t\t<div class=\"elementor-element elementor-element-5c51088c elementor-widget elementor-widget-text-editor\" data-id=\"5c51088c\" data-element_type=\"widget\" data-e-type=\"widget\" data-widget_type=\"text-editor.default\">\n\t\t\t\t<div class=\"elementor-widget-container\">\n\t\t\t\t\t\t\t\t\t<p>[vc_row full_width=&#8220;stretch_row_content_no_spaces&#8220; css_animation=&#8220;none&#8220;][vc_column][pm_vc_image_carousel images=&#8220;1871,1859,1870&#8243; img_width=&#8220;1000&#8243; img_height=&#8220;700&#8243; lightbox=&#8220;true&#8220; items_padding=&#8220;10px&#8220;][\/vc_column][\/vc_row][vc_row css_animation=&#8220;bottom-to-top&#8220; css=&#8220;.vc_custom_1498411436508{margin-top: 39px !important;padding-bottom: 20px !important;}&#8220; el_class=&#8220;resp_about01&#8243;][vc_column][pm_vc_promo_text promo_title=&#8220;Hy, ich bin Seraina Bravin&#8220; custom_css=&#8220;.vc_custom_1718273636895{margin-bottom: 40px !important;}&#8220;][vc_column_text]<\/p><p style=\"color: #000000; text-align: center;\">Nach meiner Ausbildung zur Grafikerin habe ich 2010 design-s gegr\u00fcndet und arbeite seither f\u00fcr kleine Unternehmen, Vereine und Privatpersonen. Meine kaufm\u00e4nnische Grundausbildung sowie meine Erfahrungen im Bereich \u00d6ffentlichkeitsarbeit und Fotografie erm\u00f6glichen es mir, Sie bei Ihrem Erscheinungsbild umfassend zu unterst\u00fctzen. Ob Flyer, Logo oder ganze Zeitschriften, mir ist es wichtig, dass Sie am Ende ein Produkt in den H\u00e4nden halten, in dem Sie sich selbst wieder erkennen und Ihr Produkt in seiner bestm\u00f6glichen Form pr\u00e4sentiert wird.<\/p><p style=\"color: #000000; text-align: center;\">Die Fotografie ist meine grosse Leidenschaft. Ein Hobby, das sich gut mit meinem Beruf verbinden l\u00e4sst. So finden die Bilder immer wieder Verwendung in Flyern. Das Spannende am Fotografieren ist f\u00fcr mich, den richtigen Blickwinkel zu finden, um eine interessante und harmonische Komposition zu schaffen. Und es ist mir wichtig, die Sch\u00f6nheit der Natur einzufangen und dem Betrachter n\u00e4her zu bringen.<\/p><p style=\"color: #000000; text-align: center;\">Ausserdem arbeite ich sehr gerne mit meinen H\u00e4nden, das Gestalten mit Ton oder das Arbeiten mit Resin ist ein toller Ausgleich zu meiner sonstigen T\u00e4tigkeit. Deshalb finden Sie auf meiner Website auch immer mal wieder etwas Kreatives, das ich in meiner Freizeit herstelle.<\/p><p>[\/vc_column_text][\/vc_column][\/vc_row][vc_row css_animation=&#8220;bottom-to-top&#8220;][vc_column width=&#8220;1\/2&#8243;][\/vc_column][\/vc_row][vc_row css_animation=&#8220;zoomIn&#8220;][vc_column width=&#8220;1\/2&#8243;][\/vc_column][vc_column width=&#8220;1\/2&#8243;][\/vc_column][\/vc_row]<\/p><p>e<\/p>\t\t\t\t\t\t\t\t<\/div>\n\t\t\t\t<\/div>\n\t\t\t\t\t<\/div>\n\t\t<\/div>\n\t\t\t\t\t<\/div>\n\t\t<\/section>\n\t\t\t\t<\/div>\n\t\t","protected":false},"excerpt":{"rendered":"<p>[vc_row full_width=&#8220;stretch_row_content_no_spaces&#8220; css_animation=&#8220;none&#8220;][vc_column][pm_vc_image_carousel images=&#8220;1871,1859,1870&#8243; img_width=&#8220;1000&#8243; img_height=&#8220;700&#8243; lightbox=&#8220;true&#8220; items_padding=&#8220;10px&#8220;][\/vc_column][\/vc_row][vc_row css_animation=&#8220;bottom-to-top&#8220; css=&#8220;.vc_custom_1498411436508{margin-top: 39px !important;padding-bottom: 20px !important;}&#8220; el_class=&#8220;resp_about01&#8243;][vc_column][pm_vc_promo_text promo_title=&#8220;Hy, ich bin Seraina Bravin&#8220; custom_css=&#8220;.vc_custom_1718273636895{margin-bottom: 40px !important;}&#8220;][vc_column_text] Nach meiner Ausbildung zur Grafikerin habe ich 2010 design-s gegr\u00fcndet und arbeite seither f\u00fcr kleine Unternehmen, Vereine und Privatpersonen. Meine kaufm\u00e4nnische Grundausbildung sowie meine Erfahrungen im Bereich \u00d6ffentlichkeitsarbeit und Fotografie erm\u00f6glichen es [&hellip;]<\/p>\n","protected":false},"author":1,"featured_media":0,"parent":0,"menu_order":0,"comment_status":"closed","ping_status":"closed","template":"","meta":{"_monsterinsights_skip_tracking":false,"footnotes":""},"class_list":["post-79","page","type-page","status-publish","hentry"],"yoast_head":"<!-- This site is optimized with the Yoast SEO plugin v28.3 - https:\/\/yoast.com\/product\/yoast-seo-wordpress\/ -->\n<title>\u00dcBER MICH - design-s<\/title>\n<meta name=\"robots\" content=\"index, follow, max-snippet:-1, max-image-preview:large, max-video-preview:-1\" \/>\n<link rel=\"canonical\" href=\"https:\/\/design-s.ch\/index.php\/uebermich\/\" \/>\n<meta property=\"og:locale\" content=\"de_DE\" \/>\n<meta property=\"og:type\" content=\"article\" \/>\n<meta property=\"og:title\" content=\"\u00dcBER MICH - design-s\" \/>\n<meta property=\"og:description\" content=\"[vc_row full_width=&#8220;stretch_row_content_no_spaces&#8220; css_animation=&#8220;none&#8220;][vc_column][pm_vc_image_carousel images=&#8220;1871,1859,1870&#8243; img_width=&#8220;1000&#8243; img_height=&#8220;700&#8243; lightbox=&#8220;true&#8220; items_padding=&#8220;10px&#8220;][\/vc_column][\/vc_row][vc_row css_animation=&#8220;bottom-to-top&#8220; css=&#8220;.vc_custom_1498411436508{margin-top: 39px !important;padding-bottom: 20px !important;}&#8220; el_class=&#8220;resp_about01&#8243;][vc_column][pm_vc_promo_text promo_title=&#8220;Hy, ich bin Seraina Bravin&#8220; custom_css=&#8220;.vc_custom_1718273636895{margin-bottom: 40px !important;}&#8220;][vc_column_text] Nach meiner Ausbildung zur Grafikerin habe ich 2010 design-s gegr\u00fcndet und arbeite seither f\u00fcr kleine Unternehmen, Vereine und Privatpersonen. Meine kaufm\u00e4nnische Grundausbildung sowie meine Erfahrungen im Bereich \u00d6ffentlichkeitsarbeit und Fotografie erm\u00f6glichen es [&hellip;]\" \/>\n<meta property=\"og:url\" content=\"https:\/\/design-s.ch\/index.php\/uebermich\/\" \/>\n<meta property=\"og:site_name\" content=\"design-s\" \/>\n<meta property=\"article:publisher\" content=\"https:\/\/www.facebook.com\/seraina1designs\/\" \/>\n<meta property=\"article:modified_time\" content=\"2025-02-03T10:07:51+00:00\" \/>\n<meta property=\"og:image\" content=\"https:\/\/design-s.ch\/wp-content\/uploads\/2020\/12\/Bildschirmfoto-2020-12-04-um-10.13.15-1500x1028.png\" \/>\n\t<meta property=\"og:image:width\" content=\"1500\" \/>\n\t<meta property=\"og:image:height\" content=\"1028\" \/>\n\t<meta property=\"og:image:type\" content=\"image\/png\" \/>\n<meta name=\"twitter:card\" content=\"summary_large_image\" \/>\n<meta name=\"twitter:label1\" content=\"Gesch\u00e4tzte Lesezeit\" \/>\n\t<meta name=\"twitter:data1\" content=\"2\u00a0Minuten\" \/>\n<script type=\"application\/ld+json\" class=\"yoast-schema-graph\">{\"@context\":\"https:\\\/\\\/schema.org\",\"@graph\":[{\"@type\":\"WebPage\",\"@id\":\"https:\\\/\\\/design-s.ch\\\/index.php\\\/uebermich\\\/\",\"url\":\"https:\\\/\\\/design-s.ch\\\/index.php\\\/uebermich\\\/\",\"name\":\"\u00dcBER MICH - design-s\",\"isPartOf\":{\"@id\":\"https:\\\/\\\/design-s.ch\\\/#website\"},\"datePublished\":\"2017-01-24T11:05:13+00:00\",\"dateModified\":\"2025-02-03T10:07:51+00:00\",\"breadcrumb\":{\"@id\":\"https:\\\/\\\/design-s.ch\\\/index.php\\\/uebermich\\\/#breadcrumb\"},\"inLanguage\":\"de\",\"potentialAction\":[{\"@type\":\"ReadAction\",\"target\":[\"https:\\\/\\\/design-s.ch\\\/index.php\\\/uebermich\\\/\"]}]},{\"@type\":\"BreadcrumbList\",\"@id\":\"https:\\\/\\\/design-s.ch\\\/index.php\\\/uebermich\\\/#breadcrumb\",\"itemListElement\":[{\"@type\":\"ListItem\",\"position\":1,\"name\":\"Home\",\"item\":\"https:\\\/\\\/design-s.ch\\\/\"},{\"@type\":\"ListItem\",\"position\":2,\"name\":\"\u00dcBER MICH\"}]},{\"@type\":\"WebSite\",\"@id\":\"https:\\\/\\\/design-s.ch\\\/#website\",\"url\":\"https:\\\/\\\/design-s.ch\\\/\",\"name\":\"design-s\",\"description\":\"Grafik, Fotografie &amp; Kreatives\",\"publisher\":{\"@id\":\"https:\\\/\\\/design-s.ch\\\/#organization\"},\"potentialAction\":[{\"@type\":\"SearchAction\",\"target\":{\"@type\":\"EntryPoint\",\"urlTemplate\":\"https:\\\/\\\/design-s.ch\\\/?s={search_term_string}\"},\"query-input\":{\"@type\":\"PropertyValueSpecification\",\"valueRequired\":true,\"valueName\":\"search_term_string\"}}],\"inLanguage\":\"de\"},{\"@type\":\"Organization\",\"@id\":\"https:\\\/\\\/design-s.ch\\\/#organization\",\"name\":\"design-s\",\"url\":\"https:\\\/\\\/design-s.ch\\\/\",\"logo\":{\"@type\":\"ImageObject\",\"inLanguage\":\"de\",\"@id\":\"https:\\\/\\\/design-s.ch\\\/#\\\/schema\\\/logo\\\/image\\\/\",\"url\":\"https:\\\/\\\/design-s.ch\\\/wp-content\\\/uploads\\\/2020\\\/12\\\/Logo_neu_2020_quadrat.png\",\"contentUrl\":\"https:\\\/\\\/design-s.ch\\\/wp-content\\\/uploads\\\/2020\\\/12\\\/Logo_neu_2020_quadrat.png\",\"width\":330,\"height\":330,\"caption\":\"design-s\"},\"image\":{\"@id\":\"https:\\\/\\\/design-s.ch\\\/#\\\/schema\\\/logo\\\/image\\\/\"},\"sameAs\":[\"https:\\\/\\\/www.facebook.com\\\/seraina1designs\\\/\",\"https:\\\/\\\/www.instagram.com\\\/design_by_seraina\\\/\"]}]}<\/script>\n<!-- \/ Yoast SEO plugin. -->","yoast_head_json":{"title":"\u00dcBER MICH - design-s","robots":{"index":"index","follow":"follow","max-snippet":"max-snippet:-1","max-image-preview":"max-image-preview:large","max-video-preview":"max-video-preview:-1"},"canonical":"https:\/\/design-s.ch\/index.php\/uebermich\/","og_locale":"de_DE","og_type":"article","og_title":"\u00dcBER MICH - design-s","og_description":"[vc_row full_width=&#8220;stretch_row_content_no_spaces&#8220; css_animation=&#8220;none&#8220;][vc_column][pm_vc_image_carousel images=&#8220;1871,1859,1870&#8243; img_width=&#8220;1000&#8243; img_height=&#8220;700&#8243; lightbox=&#8220;true&#8220; items_padding=&#8220;10px&#8220;][\/vc_column][\/vc_row][vc_row css_animation=&#8220;bottom-to-top&#8220; css=&#8220;.vc_custom_1498411436508{margin-top: 39px !important;padding-bottom: 20px !important;}&#8220; el_class=&#8220;resp_about01&#8243;][vc_column][pm_vc_promo_text promo_title=&#8220;Hy, ich bin Seraina Bravin&#8220; custom_css=&#8220;.vc_custom_1718273636895{margin-bottom: 40px !important;}&#8220;][vc_column_text] Nach meiner Ausbildung zur Grafikerin habe ich 2010 design-s gegr\u00fcndet und arbeite seither f\u00fcr kleine Unternehmen, Vereine und Privatpersonen. Meine kaufm\u00e4nnische Grundausbildung sowie meine Erfahrungen im Bereich \u00d6ffentlichkeitsarbeit und Fotografie erm\u00f6glichen es [&hellip;]","og_url":"https:\/\/design-s.ch\/index.php\/uebermich\/","og_site_name":"design-s","article_publisher":"https:\/\/www.facebook.com\/seraina1designs\/","article_modified_time":"2025-02-03T10:07:51+00:00","og_image":[{"width":1500,"height":1028,"url":"https:\/\/design-s.ch\/wp-content\/uploads\/2020\/12\/Bildschirmfoto-2020-12-04-um-10.13.15-1500x1028.png","type":"image\/png"}],"twitter_card":"summary_large_image","twitter_misc":{"Gesch\u00e4tzte Lesezeit":"2\u00a0Minuten"},"schema":{"@context":"https:\/\/schema.org","@graph":[{"@type":"WebPage","@id":"https:\/\/design-s.ch\/index.php\/uebermich\/","url":"https:\/\/design-s.ch\/index.php\/uebermich\/","name":"\u00dcBER MICH - design-s","isPartOf":{"@id":"https:\/\/design-s.ch\/#website"},"datePublished":"2017-01-24T11:05:13+00:00","dateModified":"2025-02-03T10:07:51+00:00","breadcrumb":{"@id":"https:\/\/design-s.ch\/index.php\/uebermich\/#breadcrumb"},"inLanguage":"de","potentialAction":[{"@type":"ReadAction","target":["https:\/\/design-s.ch\/index.php\/uebermich\/"]}]},{"@type":"BreadcrumbList","@id":"https:\/\/design-s.ch\/index.php\/uebermich\/#breadcrumb","itemListElement":[{"@type":"ListItem","position":1,"name":"Home","item":"https:\/\/design-s.ch\/"},{"@type":"ListItem","position":2,"name":"\u00dcBER MICH"}]},{"@type":"WebSite","@id":"https:\/\/design-s.ch\/#website","url":"https:\/\/design-s.ch\/","name":"design-s","description":"Grafik, Fotografie &amp; Kreatives","publisher":{"@id":"https:\/\/design-s.ch\/#organization"},"potentialAction":[{"@type":"SearchAction","target":{"@type":"EntryPoint","urlTemplate":"https:\/\/design-s.ch\/?s={search_term_string}"},"query-input":{"@type":"PropertyValueSpecification","valueRequired":true,"valueName":"search_term_string"}}],"inLanguage":"de"},{"@type":"Organization","@id":"https:\/\/design-s.ch\/#organization","name":"design-s","url":"https:\/\/design-s.ch\/","logo":{"@type":"ImageObject","inLanguage":"de","@id":"https:\/\/design-s.ch\/#\/schema\/logo\/image\/","url":"https:\/\/design-s.ch\/wp-content\/uploads\/2020\/12\/Logo_neu_2020_quadrat.png","contentUrl":"https:\/\/design-s.ch\/wp-content\/uploads\/2020\/12\/Logo_neu_2020_quadrat.png","width":330,"height":330,"caption":"design-s"},"image":{"@id":"https:\/\/design-s.ch\/#\/schema\/logo\/image\/"},"sameAs":["https:\/\/www.facebook.com\/seraina1designs\/","https:\/\/www.instagram.com\/design_by_seraina\/"]}]}},"jetpack_sharing_enabled":true,"_links":{"self":[{"href":"https:\/\/design-s.ch\/index.php\/wp-json\/wp\/v2\/pages\/79","targetHints":{"allow":["GET"]}}],"collection":[{"href":"https:\/\/design-s.ch\/index.php\/wp-json\/wp\/v2\/pages"}],"about":[{"href":"https:\/\/design-s.ch\/index.php\/wp-json\/wp\/v2\/types\/page"}],"author":[{"embeddable":true,"href":"https:\/\/design-s.ch\/index.php\/wp-json\/wp\/v2\/users\/1"}],"replies":[{"embeddable":true,"href":"https:\/\/design-s.ch\/index.php\/wp-json\/wp\/v2\/comments?post=79"}],"version-history":[{"count":36,"href":"https:\/\/design-s.ch\/index.php\/wp-json\/wp\/v2\/pages\/79\/revisions"}],"predecessor-version":[{"id":2133,"href":"https:\/\/design-s.ch\/index.php\/wp-json\/wp\/v2\/pages\/79\/revisions\/2133"}],"wp:attachment":[{"href":"https:\/\/design-s.ch\/index.php\/wp-json\/wp\/v2\/media?parent=79"}],"curies":[{"name":"wp","href":"https:\/\/api.w.org\/{rel}","templated":true}]}}